{"id":796,"date":"2024-04-02T15:23:16","date_gmt":"2024-04-02T13:23:16","guid":{"rendered":"https:\/\/hernaniburujabe.eus\/?post_type=burujabetza&#038;p=796"},"modified":"2025-02-28T12:45:03","modified_gmt":"2025-02-28T11:45:03","slug":"biodiversidad","status":"publish","type":"burujabetza","link":"https:\/\/hernaniburujabe.eus\/es\/burujabetza\/biodiversidad\/","title":{"rendered":"Biodiversidad"},"content":{"rendered":"<section class=\"l-section wpb_row us_custom_4edece6e height_medium\"><div class=\"l-section-h i-cf\"><div class=\"g-cols vc_row via_flex valign_top type_default stacking_default\"><div class=\"vc_col-sm-8 wpb_column vc_column_container\"><div class=\"vc_column-inner\"><div class=\"wpb_wrapper\"><div class=\"wpb_text_column us_custom_402cca86\"><div class=\"wpb_wrapper\"><p>Es evidente el da\u00f1o que el sistema capitalista actual causa a la naturaleza. Los rincones de nuestro entorno tambi\u00e9n son testimonio de las graves crisis mundiales y de la realidad que ha supuesto, entre otras cosas, la explotaci\u00f3n forestal intensiva y la p\u00e9rdida de biodiversidad.<\/p>\n<p>Lo que han sido tierras comunales se han perdido en inter\u00e9s de las l\u00f3gicas de mercado y del capital privado. De ah\u00ed, por ejemplo, la plantaci\u00f3n masiva de especies altamente nocivas para la biodiversidad: el pino radiata y, en los \u00faltimos a\u00f1os, el eucalipto. Hernani Burujabe ha puesto en marcha un proceso de recuperaci\u00f3n de estos terrenos comunales y de la biodiversidad a trav\u00e9s de la colaboraci\u00f3n p\u00fablico-comunitaria.<\/p>\n<p>En este camino se est\u00e1n dando pasos para recuperar la propiedad y la gesti\u00f3n p\u00fablico-ciudadana de los bosques. Ejemplo de ello son los suelos forestales privados recuperados por el ayuntamiento en los \u00faltimos meses. En 2023 el ayuntamiento ha recuperado 69 hect\u00e1reas de terreno forestal. Han sembrado unas 3.000 semillas, que han sido tra\u00eddas de los bosques de la zona a la Burujabetzen Etxea (Casa de las Soberanias) para ser sembradas en auzolan (trabajo comunal). Esta es una labor imprescindible para recuperar la biodiversidad, un seminario en el que est\u00e1n participando todos los centros de primaria de Hernani.<\/p>\n<p>Adem\u00e1s de la recuperaci\u00f3n de la biodiversidad forestal, una l\u00ednea de trabajo importante es mantener la existente, dentro de la cual se han llevado a cabo sesiones de limpieza del r\u00edo Urumea. Las asociaciones ecologistas (Sagarreta elkartea) y el ayuntamiento han colaborado en estas iniciativas.<\/p>\n<p>De cara al futuro, el ayuntamiento estudia en esta mesa la viabilidad o no de crear un agente econ\u00f3mico que gestione estos terrenos forestales recuperados.<\/p>\n<\/div><\/div><\/div><\/div><\/div><div class=\"vc_col-sm-4 wpb_column vc_column_container\"><div class=\"vc_column-inner\"><div class=\"wpb_wrapper\"><div class=\"w-image has_ratio align_none\"><div class=\"w-image-h\"><div style=\"padding-bottom:150%\"><\/div><img decoding=\"async\" width=\"525\" height=\"926\" src=\"https:\/\/hernaniburujabe.eus\/wp-content\/uploads\/2024\/04\/Pantaila-argazkia_2024-04-03-16-25-12.png\" class=\"attachment-large size-large\" alt=\"\" loading=\"lazy\" \/><\/div><\/div><\/div><\/div><\/div><\/div><\/div><\/section><section class=\"l-section wpb_row us_custom_10d9ce7e height_medium\"><div class=\"l-section-h i-cf\"><div class=\"g-cols vc_row via_flex valign_top type_default stacking_default\"><div class=\"vc_col-sm-12 wpb_column vc_column_container\"><div class=\"vc_column-inner\"><div class=\"wpb_wrapper\"><div class=\"w-image align_center\"><div class=\"w-image-h\"><img decoding=\"async\" width=\"1954\" height=\"211\" src=\"https:\/\/hernaniburujabe.eus\/wp-content\/uploads\/2024\/04\/proyectos-soberanos.png\" class=\"attachment-full size-full\" alt=\"\" loading=\"lazy\" srcset=\"https:\/\/hernaniburujabe.eus\/wp-content\/uploads\/2024\/04\/proyectos-soberanos.png 1954w, https:\/\/hernaniburujabe.eus\/wp-content\/uploads\/2024\/04\/proyectos-soberanos-300x32.png 300w, https:\/\/hernaniburujabe.eus\/wp-content\/uploads\/2024\/04\/proyectos-soberanos-1024x111.png 1024w\" sizes=\"auto, (max-width: 1954px) 100vw, 1954px\" \/><\/div><\/div><div class=\"w-separator size_medium\"><\/div><div class=\"w-grid us_carousel type_carousel layout_138 overflow_hidden preload_style_spinner items_4\" id=\"us_grid_1\" style=\"--items:4;--gap:1.5rem;\"><style>.layout_138 .w-grid-item-h{background:#BE310F;color:#ffffff;box-shadow:0 0.03rem 0.06rem rgba(0,0,0,0.1),0 0.1rem 0.3rem rgba(0,0,0,0.1);transition-duration:0.3s}.no-touch .layout_138 .w-grid-item-h:hover{box-shadow:0 0.18rem 0.36rem rgba(0,0,0,0.1),0 0.6rem 1.8rem rgba(0,0,0,0.15);z-index:4}.layout_138 .usg_vwrapper_1{padding:5% 8% 8% 8%!important}.layout_138 .usg_post_title_1{color:inherit!important;font-size:1rem!important;font-weight:400!important;text-transform:uppercase!important}@media (max-width:600px){.layout_138 .usg_post_title_1{font-size:1.2rem!important}}<\/style><div class=\"w-grid-list owl-carousel valign_stretch dotstyle_circle navstyle_6 arrows-ver-pos_middle arrows-hor-pos_on_sides_outside arrows-disabled_hide owl-responsive-2000 with_dots with_arrows\" style=\"--transition-duration:350ms;--arrows-size:1.5rem;--arrows-hor-offset:calc(1.7rem + 1.5rem);--arrows-gap:10px;\">\t<article class=\"w-grid-item post-903 proiektua type-proiektua status-publish has-post-thumbnail hentry category-biodiversidad\" data-id=\"903\">\r\n\t\t<div class=\"w-grid-item-h\">\r\n\t\t\t\t\t\t<div class=\"w-post-elm post_image usg_post_image_1 has_ratio\"><a href=\"https:\/\/hernaniburujabe.eus\/es\/proiektua\/semillero-y-vivero\/\" aria-label=\"Semillero y vivero\"><img loading=\"lazy\" decoding=\"async\" width=\"768\" height=\"1024\" src=\"https:\/\/hernaniburujabe.eus\/wp-content\/uploads\/2024\/04\/mintegiasagarreta-768x1024.jpg\" class=\"attachment-large size-large wp-post-image\" alt=\"\" \/><\/a><div style=\"padding-bottom:66.6667%\"><\/div><\/div><div class=\"w-vwrapper usg_vwrapper_1 align_none valign_top\"><h3 class=\"w-post-elm post_title usg_post_title_1 has_text_color align_center entry-title color_link_inherit\"><a href=\"https:\/\/hernaniburujabe.eus\/es\/proiektua\/semillero-y-vivero\/\">Semillero y vivero<\/a><\/h3><\/div>\t\t<\/div>\r\n\t\t\t<\/article>\r\n\t<article class=\"w-grid-item post-900 proiektua type-proiektua status-publish has-post-thumbnail hentry category-biodiversidad\" data-id=\"900\">\r\n\t\t<div class=\"w-grid-item-h\">\r\n\t\t\t\t\t\t<div class=\"w-post-elm post_image usg_post_image_1 has_ratio\"><a href=\"https:\/\/hernaniburujabe.eus\/es\/proiektua\/compra-publica-de-tierras-forestales\/\" aria-label=\"Compra P\u00fablica de Tierras Forestales\"><img loading=\"lazy\" decoding=\"async\" width=\"1024\" height=\"768\" src=\"https:\/\/hernaniburujabe.eus\/wp-content\/uploads\/2024\/04\/E8KKZkJ09pBXkfl2mgHcXQOP-1024x768.jpg\" class=\"attachment-large size-large wp-post-image\" alt=\"\" \/><\/a><div style=\"padding-bottom:66.6667%\"><\/div><\/div><div class=\"w-vwrapper usg_vwrapper_1 align_none valign_top\"><h3 class=\"w-post-elm post_title usg_post_title_1 has_text_color align_center entry-title color_link_inherit\"><a href=\"https:\/\/hernaniburujabe.eus\/es\/proiektua\/compra-publica-de-tierras-forestales\/\">Compra P\u00fablica de Tierras Forestales<\/a><\/h3><\/div>\t\t<\/div>\r\n\t\t\t<\/article>\r\n<\/div><div class=\"w-grid-carousel-json hidden\" onclick='return {&quot;carousel_settings&quot;:{&quot;aria_labels&quot;:{&quot;prev&quot;:&quot;Anterior&quot;,&quot;next&quot;:&quot;Siguiente&quot;},&quot;autoplayContinual&quot;:false,&quot;autoplayHoverPause&quot;:false,&quot;autoplayTimeout&quot;:3000,&quot;autoWidth&quot;:false,&quot;smartSpeed&quot;:350,&quot;margin&quot;:0,&quot;mouseDrag&quot;:true,&quot;rtl&quot;:false,&quot;slideBy&quot;:&quot;1&quot;,&quot;touchDrag&quot;:true,&quot;slideTransition&quot;:&quot;&quot;,&quot;responsive&quot;:{&quot;0&quot;:{&quot;autoHeight&quot;:false,&quot;autoplay&quot;:true,&quot;autoWidth&quot;:false,&quot;center&quot;:false,&quot;dots&quot;:true,&quot;items&quot;:1,&quot;loop&quot;:true,&quot;nav&quot;:false,&quot;stagePadding&quot;:0,&quot;slideBy&quot;:&quot;1&quot;},&quot;601&quot;:{&quot;autoHeight&quot;:false,&quot;autoplay&quot;:true,&quot;autoWidth&quot;:false,&quot;center&quot;:false,&quot;dots&quot;:true,&quot;items&quot;:2,&quot;loop&quot;:false,&quot;nav&quot;:true,&quot;stagePadding&quot;:0,&quot;slideBy&quot;:&quot;1&quot;},&quot;1025&quot;:{&quot;autoHeight&quot;:false,&quot;autoplay&quot;:true,&quot;autoWidth&quot;:false,&quot;center&quot;:false,&quot;dots&quot;:true,&quot;items&quot;:3,&quot;loop&quot;:false,&quot;nav&quot;:true,&quot;stagePadding&quot;:0,&quot;slideBy&quot;:&quot;1&quot;},&quot;1381&quot;:{&quot;items&quot;:4,&quot;autoplay&quot;:false,&quot;center&quot;:false,&quot;dots&quot;:true,&quot;nav&quot;:true,&quot;autoHeight&quot;:false,&quot;autoWidth&quot;:false,&quot;loop&quot;:false,&quot;stagePadding&quot;:0}}}}'><\/div><\/div><\/div><\/div><\/div><\/div><\/div><\/section><section class=\"l-section wpb_row us_custom_8ad18f96 height_large\"><div class=\"l-section-h i-cf\"><div class=\"g-cols vc_row via_flex valign_top type_default stacking_default\"><div class=\"vc_col-sm-12 wpb_column vc_column_container\"><div class=\"vc_column-inner\"><div class=\"wpb_wrapper\"><div class=\"w-grid us_grid type_grid layout_83 cols_3 overflow_hidden preload_style_spinner\" id=\"us_grid_2\" style=\"--columns:3;--gap:1.5rem;\" data-filterable=\"true\"><style>@media (max-width:1024px){#us_grid_2{--columns:2!important}}@media (max-width:600px){#us_grid_2{--columns:1!important}}.layout_83 .w-grid-item-h{background:#1B5660;color:#FAEDE7;box-shadow:0 0.03rem 0.06rem rgba(0,0,0,0.1),0 0.1rem 0.3rem rgba(0,0,0,0.1);transition-duration:0.3s}.no-touch .layout_83 .w-grid-item-h:hover{box-shadow:0 0.12rem 0.24rem rgba(0,0,0,0.1),0 0.4rem 1.2rem rgba(0,0,0,0.15);z-index:4}.layout_83 .usg_post_image_1{margin-bottom:-2rem!important}.layout_83 .usg_post_title_1{color:#FAEDE7!important;font-size:1.4rem!important;font-weight:700!important}.layout_83 .usg_vwrapper_1{margin-top:1rem!important;padding:9% 9% 7% 9%!important}.layout_83 .usg_post_taxonomy_1{font-size:10px!important;font-weight:700!important;text-transform:uppercase!important}.layout_83 .usg_post_date_1{color:#FAEDE6!important;font-size:0.7rem!important}@media (max-width:600px){.layout_83 .usg_post_title_1{font-size:1.2rem!important}}<\/style><div class=\"w-grid-list\">\t<article class=\"w-grid-item size_1x1 post-2373 post type-post status-publish format-standard has-post-thumbnail hentry category-biodiversidad category-energia-2\" data-id=\"2373\">\r\n\t\t<div class=\"w-grid-item-h\">\r\n\t\t\t\t\t\t<div class=\"w-post-elm post_image usg_post_image_1 has_ratio\"><a href=\"https:\/\/hernaniburujabe.eus\/es\/2026\/01\/07\/ciclo-de-mesas-redondas-sobre-la-transicion-ecosocial\/\" aria-label=\"Ciclo de mesas redondas sobre la transici\u00f3n ecosocial\"><img loading=\"lazy\" decoding=\"async\" width=\"724\" height=\"1024\" src=\"https:\/\/hernaniburujabe.eus\/wp-content\/uploads\/2026\/01\/Trantsizio-ekosoziala.-Arratsaldeko-saioak.png\" class=\"attachment-large size-large wp-post-image\" alt=\"\" \/><\/a><div style=\"padding-bottom:66.6667%\"><\/div><\/div><div class=\"w-vwrapper usg_vwrapper_1 align_none valign_top\"><div class=\"w-hwrapper usg_hwrapper_1 align_none valign_middle\"><time class=\"w-post-elm post_date usg_post_date_1 has_text_color entry-date published\" datetime=\"2026-01-07T14:32:58+01:00\">2026\/01\/07<\/time><div class=\"w-post-elm post_taxonomy usg_post_taxonomy_1 style_badge color_link_inherit\"><div class=\"w-post-elm-list\"><a class=\"w-btn us-btn-style_4 term-28 term-biodiversidad\" href=\"https:\/\/hernaniburujabe.eus\/es\/category\/biodiversidad\/\"><span class=\"w-btn-label\">Biodiversidad<\/span><\/a><a class=\"w-btn us-btn-style_4 term-29 term-energia-2\" href=\"https:\/\/hernaniburujabe.eus\/es\/category\/energia-2\/\"><span class=\"w-btn-label\">Energ\u00eda<\/span><\/a><\/div><\/div><\/div><h2 class=\"w-post-elm post_title usg_post_title_1 has_text_color entry-title color_link_inherit\"><a href=\"https:\/\/hernaniburujabe.eus\/es\/2026\/01\/07\/ciclo-de-mesas-redondas-sobre-la-transicion-ecosocial\/\">Ciclo de mesas redondas sobre la transici\u00f3n ecosocial<\/a><\/h2><div class=\"w-post-elm post_content usg_post_content_1\">La TRANSICI\u00d3N ECOSOCIAL desde el territorio y el municipio, trabajaremos ambos puntos de vista en el ciclo de mesas redondas&hellip;<\/div><\/div>\t\t<\/div>\r\n\t\t\t<\/article>\r\n\t<article class=\"w-grid-item size_1x1 post-1824 post type-post status-publish format-standard has-post-thumbnail hentry category-biodiversidad\" data-id=\"1824\">\r\n\t\t<div class=\"w-grid-item-h\">\r\n\t\t\t\t\t\t<div class=\"w-post-elm post_image usg_post_image_1 has_ratio\"><a href=\"https:\/\/hernaniburujabe.eus\/es\/2025\/09\/29\/sagarreta-organiza-para-el-4-de-octubre-la-limpieza-del-rio-urumea\/\" aria-label=\"Sagarreta organiza para el 4 de octubre la limpieza del r\u00edo Urumea\"><img loading=\"lazy\" decoding=\"async\" width=\"724\" height=\"1024\" src=\"https:\/\/hernaniburujabe.eus\/wp-content\/uploads\/2025\/09\/WhatsApp-Image-2025-09-25-at-18.53.32.jpeg\" class=\"attachment-large size-large wp-post-image\" alt=\"\" \/><\/a><div style=\"padding-bottom:66.6667%\"><\/div><\/div><div class=\"w-vwrapper usg_vwrapper_1 align_none valign_top\"><div class=\"w-hwrapper usg_hwrapper_1 align_none valign_middle\"><time class=\"w-post-elm post_date usg_post_date_1 has_text_color entry-date published\" datetime=\"2025-09-29T11:01:13+02:00\">2025\/09\/29<\/time><div class=\"w-post-elm post_taxonomy usg_post_taxonomy_1 style_badge color_link_inherit\"><a class=\"w-btn us-btn-style_4 term-28 term-biodiversidad\" href=\"https:\/\/hernaniburujabe.eus\/es\/category\/biodiversidad\/\"><span class=\"w-btn-label\">Biodiversidad<\/span><\/a><\/div><\/div><h2 class=\"w-post-elm post_title usg_post_title_1 has_text_color entry-title color_link_inherit\"><a href=\"https:\/\/hernaniburujabe.eus\/es\/2025\/09\/29\/sagarreta-organiza-para-el-4-de-octubre-la-limpieza-del-rio-urumea\/\">Sagarreta organiza para el 4 de octubre la limpieza del r\u00edo Urumea<\/a><\/h2><div class=\"w-post-elm post_content usg_post_content_1\">Por cuarto a\u00f1o consecutivo, Sagarreta natur taldea ha organizado para este s\u00e1bado, 4 de octubre, la limpieza del r\u00edo Urumea.&hellip;<\/div><\/div>\t\t<\/div>\r\n\t\t\t<\/article>\r\n\t<article class=\"w-grid-item size_1x1 post-1688 post type-post status-publish format-standard has-post-thumbnail hentry category-biodiversidad category-energia-2\" data-id=\"1688\">\r\n\t\t<div class=\"w-grid-item-h\">\r\n\t\t\t\t\t\t<div class=\"w-post-elm post_image usg_post_image_1 has_ratio\"><a href=\"https:\/\/hernaniburujabe.eus\/es\/2025\/05\/27\/que-consecuencias-tendrian-las-instalaciones-eolicas-en-los-montes-de-urumea\/\" aria-label=\"\u00bfQu\u00e9 consecuencias tendr\u00edan las instalaciones e\u00f3licas en los montes de Urumea?\"><img loading=\"lazy\" decoding=\"async\" width=\"1024\" height=\"683\" src=\"https:\/\/hernaniburujabe.eus\/wp-content\/uploads\/2025\/05\/IMG-20250525-WA00061.jpg\" class=\"attachment-large size-large wp-post-image\" alt=\"\" \/><\/a><div style=\"padding-bottom:66.6667%\"><\/div><\/div><div class=\"w-vwrapper usg_vwrapper_1 align_none valign_top\"><div class=\"w-hwrapper usg_hwrapper_1 align_none valign_middle\"><time class=\"w-post-elm post_date usg_post_date_1 has_text_color entry-date published\" datetime=\"2025-05-27T13:47:03+02:00\">2025\/05\/27<\/time><div class=\"w-post-elm post_taxonomy usg_post_taxonomy_1 style_badge color_link_inherit\"><div class=\"w-post-elm-list\"><a class=\"w-btn us-btn-style_4 term-28 term-biodiversidad\" href=\"https:\/\/hernaniburujabe.eus\/es\/category\/biodiversidad\/\"><span class=\"w-btn-label\">Biodiversidad<\/span><\/a><a class=\"w-btn us-btn-style_4 term-29 term-energia-2\" href=\"https:\/\/hernaniburujabe.eus\/es\/category\/energia-2\/\"><span class=\"w-btn-label\">Energ\u00eda<\/span><\/a><\/div><\/div><\/div><h2 class=\"w-post-elm post_title usg_post_title_1 has_text_color entry-title color_link_inherit\"><a href=\"https:\/\/hernaniburujabe.eus\/es\/2025\/05\/27\/que-consecuencias-tendrian-las-instalaciones-eolicas-en-los-montes-de-urumea\/\">\u00bfQu\u00e9 consecuencias tendr\u00edan las instalaciones e\u00f3licas en los montes de Urumea?<\/a><\/h2><div class=\"w-post-elm post_content usg_post_content_1\">Los vecinos y vecinas del valle del Urumea est\u00e1n atentos a las noticias sobre las instalaciones e\u00f3licas que quieren construir&hellip;<\/div><\/div>\t\t<\/div>\r\n\t\t\t<\/article>\r\n<\/div>\t<div class=\"w-grid-preloader\">\r\n\t\t<div class=\"g-preloader type_1\">\r\n\t\t\t<div><\/div>\r\n\t\t<\/div>\r\n\t<\/div>\r\n\t\t<div class=\"w-grid-json hidden\" onclick='return {&quot;action&quot;:&quot;us_ajax_grid&quot;,&quot;infinite_scroll&quot;:0,&quot;max_num_pages&quot;:5,&quot;pagination&quot;:&quot;none&quot;,&quot;template_vars&quot;:{&quot;columns&quot;:&quot;3&quot;,&quot;exclude_items&quot;:&quot;none&quot;,&quot;img_size&quot;:&quot;default&quot;,&quot;ignore_items_size&quot;:0,&quot;items_layout&quot;:&quot;83&quot;,&quot;items_offset&quot;:&quot;1&quot;,&quot;load_animation&quot;:&quot;none&quot;,&quot;overriding_link&quot;:&quot;%7B%22url%22%3A%22%22%7D&quot;,&quot;post_id&quot;:0,&quot;query_args&quot;:{&quot;post_type&quot;:[&quot;post&quot;],&quot;tax_query&quot;:[{&quot;taxonomy&quot;:&quot;category&quot;,&quot;field&quot;:&quot;slug&quot;,&quot;terms&quot;:[&quot;biodiversidad&quot;]}],&quot;post_status&quot;:[&quot;publish&quot;,&quot;acf-disabled&quot;],&quot;posts_per_page&quot;:&quot;3&quot;},&quot;orderby_query_args&quot;:{&quot;orderby&quot;:{&quot;date&quot;:&quot;DESC&quot;}},&quot;type&quot;:&quot;grid&quot;,&quot;us_grid_post_type&quot;:&quot;post&quot;,&quot;us_grid_ajax_index&quot;:2,&quot;us_grid_filter_query_string&quot;:null,&quot;us_grid_index&quot;:2,&quot;page_args&quot;:[],&quot;lang&quot;:&quot;es&quot;}}'><\/div>\r\n\t<\/div><\/div><\/div><\/div><\/div><\/div><\/section><section class=\"l-section wpb_row us_custom_456a3601 height_medium\"><div class=\"l-section-h i-cf\"><div class=\"g-cols vc_row via_flex valign_top type_default stacking_default\"><div class=\"vc_col-sm-12 wpb_column vc_column_container\"><div class=\"vc_column-inner\"><div class=\"wpb_wrapper\">[vc_custom_heading text=\u00bbAgentes\u00bb font_container=\u00bbtag:h2|text_align:center\u00bb use_theme_fonts=\u00bbyes\u00bb]<div class=\"g-cols wpb_row via_flex valign_top type_default stacking_default\"><div class=\"vc_col-sm-12 wpb_column vc_column_container\"><div class=\"vc_column-inner\"><div class=\"wpb_wrapper\"><div class=\"w-iconbox us_custom_5c076d0a iconpos_left style_default color_primary align_left no_text\"><div class=\"w-iconbox-icon\" style=\"font-size:2.5rem;\"><i class=\"fas fa-angle-right\"><\/i><\/div><div class=\"w-iconbox-meta\"><p class=\"w-iconbox-title\" style=\"font-size:25px;\">Sagarreta Natur taldea<\/p><\/div><\/div><\/div><\/div><\/div><\/div><\/div><\/div><\/div><\/div><\/div><\/section><section class=\"l-section wpb_row us_custom_a0b36d4b height_small\"><div class=\"l-section-h i-cf\"><div class=\"g-cols vc_row via_flex valign_top type_default stacking_default\"><div class=\"vc_col-sm-12 wpb_column vc_column_container\"><div class=\"vc_column-inner\"><div class=\"wpb_wrapper\">[vc_custom_heading text=\u00bbIndicadores\u00bb font_container=\u00bbtag:h2|text_align:center\u00bb use_theme_fonts=\u00bbyes\u00bb]<div class=\"g-cols wpb_row us_custom_5d589992 has_text_color via_flex valign_top type_default stacking_default\"><div class=\"vc_col-sm-1\/5 wpb_column vc_column_container\"><div class=\"vc_column-inner\"><div class=\"wpb_wrapper\"><\/div><\/div><\/div><div class=\"vc_col-sm-1\/5 wpb_column vc_column_container\"><div class=\"vc_column-inner\"><div class=\"wpb_wrapper\"><div class=\"w-counter color_custom align_center\" data-duration=\"2\"><div class=\"w-counter-value\" style=\"color:#BE310F;\"><span class=\"w-counter-value-part type_text\" data-final=\"\"><\/span><span class=\"w-counter-value-part type_number\" data-final=\"15\">1<\/span><span class=\"w-counter-value-part type_text\" data-final=\"\"><\/span><\/div><p class=\"w-counter-title\" style=\"font-weight:700;\">PERSONAS ASOCIADAS<\/p><\/div><\/div><\/div><\/div><div class=\"vc_col-sm-1\/5 wpb_column vc_column_container\"><div class=\"vc_column-inner\"><div class=\"wpb_wrapper\"><div class=\"w-counter color_custom align_center\" data-duration=\"2\"><div class=\"w-counter-value\" style=\"color:#BE310F;\"><span class=\"w-counter-value-part type_text\" data-final=\"\"><\/span><span class=\"w-counter-value-part type_number\" data-final=\"69\">1<\/span><span class=\"w-counter-value-part type_text\" data-final=\"ha\">ha<\/span><\/div><p class=\"w-counter-title\" style=\"font-weight:700;\">SUELO PUBLIFICADO<\/p><\/div><\/div><\/div><\/div><div class=\"vc_col-sm-1\/5 wpb_column vc_column_container\"><div class=\"vc_column-inner\"><div class=\"wpb_wrapper\"><div class=\"w-counter color_custom align_center\" data-duration=\"2\"><div class=\"w-counter-value\" style=\"color:#BE310F;\"><span class=\"w-counter-value-part type_text\" data-final=\"\"><\/span><span class=\"w-counter-value-part type_number\" data-final=\"3.000\">1<\/span><span class=\"w-counter-value-part type_text\" data-final=\"\"><\/span><\/div><p class=\"w-counter-title\" style=\"font-weight:700;\">SEMILLAS PLANTADAS<\/p><\/div><\/div><\/div><\/div><div class=\"vc_col-sm-1\/5 wpb_column vc_column_container\"><div class=\"vc_column-inner\"><div class=\"wpb_wrapper\"><\/div><\/div><\/div><\/div><\/div><\/div><\/div><\/div><\/div><\/section><section class=\"l-section wpb_row height_medium\"><div class=\"l-section-h i-cf\"><div class=\"g-cols vc_row via_flex valign_top type_default stacking_default\"><div class=\"vc_col-sm-12 wpb_column vc_column_container\"><div class=\"vc_column-inner\"><div class=\"wpb_wrapper\"><div class=\"w-gallery fit_cover type_metro_2 action_popup_image ratio_1x1 count_6\" style=\"--columns:4;--items-gap:0px;\"><div class=\"w-gallery-list\"><div class=\"w-gallery-item\"><div class=\"w-gallery-item-img\"><img loading=\"lazy\" decoding=\"async\" width=\"735\" height=\"413\" src=\"https:\/\/hernaniburujabe.eus\/wp-content\/uploads\/2024\/03\/haziMintegia.jpg\" class=\"attachment-large size-large\" alt=\"\" srcset=\"https:\/\/hernaniburujabe.eus\/wp-content\/uploads\/2024\/03\/haziMintegia.jpg 735w, https:\/\/hernaniburujabe.eus\/wp-content\/uploads\/2024\/03\/haziMintegia-300x169.jpg 300w\" sizes=\"auto, (max-width: 735px) 100vw, 735px\" \/><\/div><a class=\"w-gallery-item-link\" aria-label=\"haziMintegia\" href=\"https:\/\/hernaniburujabe.eus\/wp-content\/uploads\/2024\/03\/haziMintegia.jpg\"><\/a><\/div><div class=\"w-gallery-item\"><div class=\"w-gallery-item-img\"><img loading=\"lazy\" decoding=\"async\" width=\"1024\" height=\"768\" src=\"https:\/\/hernaniburujabe.eus\/wp-content\/uploads\/2024\/04\/sagarreta-1024x768.jpg\" class=\"attachment-large size-large\" alt=\"\" srcset=\"https:\/\/hernaniburujabe.eus\/wp-content\/uploads\/2024\/04\/sagarreta-1024x768.jpg 1024w, https:\/\/hernaniburujabe.eus\/wp-content\/uploads\/2024\/04\/sagarreta-300x225.jpg 300w\" sizes=\"auto, (max-width: 1024px) 100vw, 1024px\" \/><\/div><a class=\"w-gallery-item-link\" aria-label=\"sagarreta\" href=\"https:\/\/hernaniburujabe.eus\/wp-content\/uploads\/2024\/04\/sagarreta-scaled.jpg\"><\/a><\/div><div class=\"w-gallery-item\"><div class=\"w-gallery-item-img\"><img loading=\"lazy\" decoding=\"async\" width=\"768\" height=\"1024\" src=\"https:\/\/hernaniburujabe.eus\/wp-content\/uploads\/2024\/04\/mintegiasagarreta-768x1024.jpg\" class=\"attachment-large size-large\" alt=\"\" srcset=\"https:\/\/hernaniburujabe.eus\/wp-content\/uploads\/2024\/04\/mintegiasagarreta-768x1024.jpg 768w, https:\/\/hernaniburujabe.eus\/wp-content\/uploads\/2024\/04\/mintegiasagarreta-225x300.jpg 225w, https:\/\/hernaniburujabe.eus\/wp-content\/uploads\/2024\/04\/mintegiasagarreta-300x400.jpg 300w, https:\/\/hernaniburujabe.eus\/wp-content\/uploads\/2024\/04\/mintegiasagarreta-scaled.jpg 1920w\" sizes=\"auto, (max-width: 768px) 100vw, 768px\" \/><\/div><a class=\"w-gallery-item-link\" aria-label=\"mintegiasagarreta\" href=\"https:\/\/hernaniburujabe.eus\/wp-content\/uploads\/2024\/04\/mintegiasagarreta-scaled.jpg\"><\/a><\/div><div class=\"w-gallery-item\"><div class=\"w-gallery-item-img\"><img loading=\"lazy\" decoding=\"async\" width=\"1024\" height=\"683\" src=\"https:\/\/hernaniburujabe.eus\/wp-content\/uploads\/2024\/04\/WhatsApp-Image-2022-10-14-at-10.03.09-1024x683.jpeg\" class=\"attachment-large size-large\" alt=\"\" srcset=\"https:\/\/hernaniburujabe.eus\/wp-content\/uploads\/2024\/04\/WhatsApp-Image-2022-10-14-at-10.03.09-1024x683.jpeg 1024w, https:\/\/hernaniburujabe.eus\/wp-content\/uploads\/2024\/04\/WhatsApp-Image-2022-10-14-at-10.03.09-300x200.jpeg 300w, https:\/\/hernaniburujabe.eus\/wp-content\/uploads\/2024\/04\/WhatsApp-Image-2022-10-14-at-10.03.09-391x260.jpeg 391w, https:\/\/hernaniburujabe.eus\/wp-content\/uploads\/2024\/04\/WhatsApp-Image-2022-10-14-at-10.03.09.jpeg 1280w\" sizes=\"auto, (max-width: 1024px) 100vw, 1024px\" \/><\/div><a class=\"w-gallery-item-link\" aria-label=\"WhatsApp Image 2022-10-14 at 10.03.09\" href=\"https:\/\/hernaniburujabe.eus\/wp-content\/uploads\/2024\/04\/WhatsApp-Image-2022-10-14-at-10.03.09.jpeg\"><\/a><\/div><div class=\"w-gallery-item\"><div class=\"w-gallery-item-img\"><img loading=\"lazy\" decoding=\"async\" width=\"1024\" height=\"768\" src=\"https:\/\/hernaniburujabe.eus\/wp-content\/uploads\/2024\/04\/Sagarreta-1-1024x768.jpg\" class=\"attachment-large size-large\" alt=\"\" srcset=\"https:\/\/hernaniburujabe.eus\/wp-content\/uploads\/2024\/04\/Sagarreta-1-1024x768.jpg 1024w, https:\/\/hernaniburujabe.eus\/wp-content\/uploads\/2024\/04\/Sagarreta-1-300x225.jpg 300w, https:\/\/hernaniburujabe.eus\/wp-content\/uploads\/2024\/04\/Sagarreta-1.jpg 1280w\" sizes=\"auto, (max-width: 1024px) 100vw, 1024px\" \/><\/div><a class=\"w-gallery-item-link\" aria-label=\"Sagarreta\" href=\"https:\/\/hernaniburujabe.eus\/wp-content\/uploads\/2024\/04\/Sagarreta-1.jpg\"><\/a><\/div><div class=\"w-gallery-item\"><div class=\"w-gallery-item-img\"><img loading=\"lazy\" decoding=\"async\" width=\"1024\" height=\"766\" src=\"https:\/\/hernaniburujabe.eus\/wp-content\/uploads\/2024\/04\/Sagarreta2-1-1024x766.jpg\" class=\"attachment-large size-large\" alt=\"\" srcset=\"https:\/\/hernaniburujabe.eus\/wp-content\/uploads\/2024\/04\/Sagarreta2-1-1024x766.jpg 1024w, https:\/\/hernaniburujabe.eus\/wp-content\/uploads\/2024\/04\/Sagarreta2-1-300x225.jpg 300w, https:\/\/hernaniburujabe.eus\/wp-content\/uploads\/2024\/04\/Sagarreta2-1.jpg 1280w\" sizes=\"auto, (max-width: 1024px) 100vw, 1024px\" \/><\/div><a class=\"w-gallery-item-link\" aria-label=\"Sagarreta2 (1)\" href=\"https:\/\/hernaniburujabe.eus\/wp-content\/uploads\/2024\/04\/Sagarreta2-1.jpg\"><\/a><\/div><\/div><\/div><\/div><\/div><\/div><\/div><\/div><\/section>\n","protected":false},"featured_media":0,"template":"","categories":[28],"class_list":["post-796","burujabetza","type-burujabetza","status-publish","hentry","category-biodiversidad"],"acf":[],"_links":{"self":[{"href":"https:\/\/hernaniburujabe.eus\/es\/wp-json\/wp\/v2\/burujabetza\/796","targetHints":{"allow":["GET"]}}],"collection":[{"href":"https:\/\/hernaniburujabe.eus\/es\/wp-json\/wp\/v2\/burujabetza"}],"about":[{"href":"https:\/\/hernaniburujabe.eus\/es\/wp-json\/wp\/v2\/types\/burujabetza"}],"wp:attachment":[{"href":"https:\/\/hernaniburujabe.eus\/es\/wp-json\/wp\/v2\/media?parent=796"}],"wp:term":[{"taxonomy":"category","embeddable":true,"href":"https:\/\/hernaniburujabe.eus\/es\/wp-json\/wp\/v2\/categories?post=796"}],"curies":[{"name":"wp","href":"https:\/\/api.w.org\/{rel}","templated":true}]}}